{"id":34413,"date":"2024-09-27T15:55:07","date_gmt":"2024-09-27T18:55:07","guid":{"rendered":"https:\/\/site.abto.org.br\/?post_type=depoimentos&#038;p=34413"},"modified":"2024-09-27T15:55:11","modified_gmt":"2024-09-27T18:55:11","slug":"depoimento-alexandre-amador","status":"publish","type":"depoimentos","link":"https:\/\/site.abto.org.br\/en\/depoimentos\/depoimento-alexandre-amador\/","title":{"rendered":"Depoimento Alexandre Amador"},"content":{"rendered":"<p>Machacalis, 25 de setembro de 2024<\/p>\n\n\n\n<p>Meu nome \u00e9 Alexandre Amador de Souza Soares, tenho 50 anos, sou Consultor de Projetos, solteiro e sem filhos. Vivo h\u00e1 27 anos com um rim transplantado, sendo um dos mais longevos transplantados renais em Minas Gerais. Minha trajet\u00f3ria de vida \u00e9 marcada por desafios, supera\u00e7\u00e3o e, acima de tudo, gratid\u00e3o \u00e0 vida e ao gesto de amor que salvou minha exist\u00eancia.<\/p>\n\n\n\n<p>Aos 23 anos, ap\u00f3s oito meses de hemodi\u00e1lise, fui submetido ao transplante que mudou o rumo da minha vida. O \u00f3rg\u00e3o veio da minha m\u00e3e, que, com um gesto de generosidade inigual\u00e1vel, doou seu rim para garantir a continuidade da minha vida. Nasci prematuro e, ao longo do tempo, meus rins pararam de funcionar. Quando descobri que teria que fazer hemodi\u00e1lise e precisava de um transplante, o mundo caiu. Era muito jovem, tive depress\u00e3o e chorava todos os dias. Fiz meu transplante no Hospital Fel\u00edcio Rocho, em Belo Horizonte, pela equipe m\u00e9dica chefiada pelo Professor e Dr. Eduardo T\u00e1vora (in memoriam), considerado o pai do primeiro transplante em Minas Gerais, e pelo Professor e Dr. Euller Pace Lasmar.<\/p>\n\n\n\n<p>Hoje, quase tr\u00eas d\u00e9cadas depois, sigo minha rotina de cuidados, mas com qualidade de vida e disposi\u00e7\u00e3o. Fa\u00e7o academia, viajo, cuido do meu corpo, tomo a medica\u00e7\u00e3o necess\u00e1ria e sigo todas as revis\u00f5es m\u00e9dicas. Minha profiss\u00e3o como consultor permite que eu seja produtivo e atue em projetos que impactam positivamente a vida de outras pessoas. Sinto-me vivo e \u00fatil.<\/p>\n\n\n\n<p>Sou um fervoroso defensor da doa\u00e7\u00e3o de \u00f3rg\u00e3os. Busco conscientizar minha fam\u00edlia, amigos e a comunidade sobre a import\u00e2ncia de ser um doador de \u00f3rg\u00e3os. Durante o Setembro Verde, participo ativamente de palestras e campanhas, pois acredito que posso inspirar outras pessoas a refletirem sobre a import\u00e2ncia desse gesto, que salva vidas.<\/p>\n\n\n\n<p>Como transplantado renal, sei em primeira m\u00e3o o quanto a doa\u00e7\u00e3o pode trazer esperan\u00e7a para fam\u00edlias inteiras. \u00c9 um gesto de amor que salva vidas.<\/p>\n\n\n\n<p>Ativo em minha miss\u00e3o de conscientiza\u00e7\u00e3o, agrade\u00e7o o apoio de diversas institui\u00e7\u00f5es que me ajudam a levar minha mensagem adiante, como a ABTO - Associa\u00e7\u00e3o Brasileira de Transplantes de \u00d3rg\u00e3os.<\/p>\n\n\n\n<p><strong>Alexandre Amador<\/strong>: 27 Anos Vivendo com um Rim Transplantado e Inspirando Vidas no Setembro Verde<\/p>","protected":false},"excerpt":{"rendered":"<p>Machacalis, 25 de setembro de 2024 Meu nome \u00e9 Alexandre Amador de Souza Soares, tenho [&hellip;]<\/p>\n","protected":false},"author":3,"featured_media":34414,"comment_status":"open","ping_status":"closed","template":"","class_list":["post-34413","depoimentos","type-depoimentos","status-publish","has-post-thumbnail","hentry"],"acf":[],"_links":{"self":[{"href":"https:\/\/site.abto.org.br\/en\/wp-json\/wp\/v2\/depoimentos\/34413","targetHints":{"allow":["GET"]}}],"collection":[{"href":"https:\/\/site.abto.org.br\/en\/wp-json\/wp\/v2\/depoimentos"}],"about":[{"href":"https:\/\/site.abto.org.br\/en\/wp-json\/wp\/v2\/types\/depoimentos"}],"author":[{"embeddable":true,"href":"https:\/\/site.abto.org.br\/en\/wp-json\/wp\/v2\/users\/3"}],"replies":[{"embeddable":true,"href":"https:\/\/site.abto.org.br\/en\/wp-json\/wp\/v2\/comments?post=34413"}],"wp:featuredmedia":[{"embeddable":true,"href":"https:\/\/site.abto.org.br\/en\/wp-json\/wp\/v2\/media\/34414"}],"wp:attachment":[{"href":"https:\/\/site.abto.org.br\/en\/wp-json\/wp\/v2\/media?parent=34413"}],"curies":[{"name":"wp","href":"https:\/\/api.w.org\/{rel}","templated":true}]}}