{"id":5169,"date":"2021-02-19T08:26:00","date_gmt":"2021-02-19T11:26:00","guid":{"rendered":"https:\/\/abto.suryamkt.com.br\/?post_type=depoimentos&#038;p=5169"},"modified":"2023-03-15T14:56:32","modified_gmt":"2023-03-15T17:56:32","slug":"michelle-luckesi","status":"publish","type":"depoimentos","link":"https:\/\/site.abto.org.br\/en\/depoimentos\/michelle-luckesi\/","title":{"rendered":"Michelle Luckesi"},"content":{"rendered":"<p>Aos 18 anos, vivia uma vida tranquila e saud\u00e1vel, quando, em uma ter\u00e7a-feira, acordei sentindo-me mal, com enjoo, dor de cabe\u00e7a, pintinhas vermelhas no p\u00e9 e febre. Fui em dois hospitais, durante a semana; suspeitaram de dengue, por\u00e9m, sem confirma\u00e7\u00e3o. Os sintomas continuaram e foram se agravando. No s\u00e1bado, fui em outro hospital, quando me internaram. Na segunda-feira, j\u00e1 estava no CTI, ter\u00e7a j\u00e1 estava na UTI; da\u00ed, ent\u00e3o, entrei em coma. O f\u00edgado entrou em fal\u00eancia e j\u00e1 estava prejudicando os outros \u00f3rg\u00e3os.<\/p>\n\n\n\n<p>Fui transferida para um hospital que faz transplantes e entrei na lista de emerg\u00eancia; n\u00e3o resistiria a mais de 48h; esse era o prazo para o novo \u00f3rg\u00e3o chegar e salvar minha vida. Ainda nesse per\u00edodo, foi feito um exame para verificar se ainda havia atividade cerebral; caso negativo, iriam desligar os aparelhos, n\u00e3o haveria mais o que fazer. A atividade cerebral foi positiva.<\/p>\n\n\n\n<p>Pois bem, como Deus \u00e9 incr\u00edvel, meu milagre chegou. O transplante foi feito. O \u00f3rg\u00e3o era maior que o suportado pelo meu abd\u00f4men, mas n\u00e3o dava tempo de esperar por outro, nem ao menos cortar. Devido a isso, houve complica\u00e7\u00f5es, parte do f\u00edgado ficou apertada e necrosou; teve que abrir e cortar essa parte. Depois, seguiram-se, ainda, algumas complica\u00e7\u00f5es. Depois de um m\u00eas e uma semana internada, a alta chegou.<\/p>\n\n\n\n<p>Hoje, sigo rumo a 10 anos de transplante. N\u00f3s, transplantados, temos dias de lutas e dias de gl\u00f3ria. N\u00e3o s\u00e3o f\u00e1ceis as interna\u00e7\u00f5es, consultas, exames, diversos rem\u00e9dios, cuidados redobrados, mas nada se compara com a gl\u00f3ria e a gra\u00e7a de uma nova chance de viver. Sou muito grata \u00e0 vida, a Deus, \u00e0 equipe do transplante e do hospital, grata a todos que s\u00e3o doadores de sangue e \u00f3rg\u00e3os, grata \u00e0 fam\u00edlia do doador que salvou vidas.<\/p>\n\n\n\n<p>Que a sociedade esteja cada vez mais consciente sobre esse ato de hero\u00edsmo, de salvar vidas atrav\u00e9s de gestos simples.<\/p>\n\n\n\n<p>Contei parte da minha hist\u00f3ria aqui, e sigo compartilhando no perfil que criei no Instagram @transplanteim, onde compartilho mais da minha hist\u00f3ria, informa\u00e7\u00f5es e d\u00favidas, que muitas pessoas que passam pela mesma situa\u00e7\u00e3o como eu t\u00eam.<\/p>\n\n\n\n<p>Agrade\u00e7o o espa\u00e7o e oportunidade para contar minha hist\u00f3ria, meu milagre de vida.<\/p>\n\n\n\n<figure class=\"wp-block-image\"><img decoding=\"async\" width=\"225\" height=\"300\" data-src=\"https:\/\/site.abto.org.br\/wp-content\/uploads\/2021\/07\/Michelle-Depoimento_Jul_2021-225x300.jpg\" alt=\"\" class=\"wp-image-2923 lazyload\" title=\"\" data-srcset=\"https:\/\/site.abto.org.br\/wp-content\/uploads\/2021\/07\/Michelle-Depoimento_Jul_2021-225x300.jpg 225w, https:\/\/site.abto.org.br\/wp-content\/uploads\/2021\/07\/Michelle-Depoimento_Jul_2021.jpg 539w\" data-sizes=\"(max-width: 225px) 100vw, 225px\" src=\"data:image\/svg+xml;base64,PHN2ZyB3aWR0aD0iMSIgaGVpZ2h0PSIxIiB4bWxucz0iaHR0cDovL3d3dy53My5vcmcvMjAwMC9zdmciPjwvc3ZnPg==\" style=\"--smush-placeholder-width: 225px; --smush-placeholder-aspect-ratio: 225\/300;\" \/><\/figure>\n\n\n\n<p>Meu nome \u00e9 Michelle Luckesi, tenho 28 anos, sou de S\u00e3o Paulo.<\/p>","protected":false},"excerpt":{"rendered":"<p>Aos 18 anos, vivia uma vida tranquila e saud\u00e1vel, quando, em uma ter\u00e7a-feira, acordei sentindo-me [&hellip;]<\/p>\n","protected":false},"author":5,"featured_media":2923,"comment_status":"open","ping_status":"closed","template":"","class_list":["post-5169","depoimentos","type-depoimentos","status-publish","has-post-thumbnail","hentry"],"acf":[],"_links":{"self":[{"href":"https:\/\/site.abto.org.br\/en\/wp-json\/wp\/v2\/depoimentos\/5169","targetHints":{"allow":["GET"]}}],"collection":[{"href":"https:\/\/site.abto.org.br\/en\/wp-json\/wp\/v2\/depoimentos"}],"about":[{"href":"https:\/\/site.abto.org.br\/en\/wp-json\/wp\/v2\/types\/depoimentos"}],"author":[{"embeddable":true,"href":"https:\/\/site.abto.org.br\/en\/wp-json\/wp\/v2\/users\/5"}],"replies":[{"embeddable":true,"href":"https:\/\/site.abto.org.br\/en\/wp-json\/wp\/v2\/comments?post=5169"}],"wp:featuredmedia":[{"embeddable":true,"href":"https:\/\/site.abto.org.br\/en\/wp-json\/wp\/v2\/media\/2923"}],"wp:attachment":[{"href":"https:\/\/site.abto.org.br\/en\/wp-json\/wp\/v2\/media?parent=5169"}],"curies":[{"name":"wp","href":"https:\/\/api.w.org\/{rel}","templated":true}]}}