{"id":5178,"date":"2020-06-16T08:48:00","date_gmt":"2020-06-16T11:48:00","guid":{"rendered":"https:\/\/abto.suryamkt.com.br\/?post_type=depoimentos&#038;p=5178"},"modified":"2023-03-15T14:56:32","modified_gmt":"2023-03-15T17:56:32","slug":"o-ato-de-doar-orgaos-e-um-ato-de-amor-ao-proximo","status":"publish","type":"depoimentos","link":"https:\/\/site.abto.org.br\/en\/depoimentos\/o-ato-de-doar-orgaos-e-um-ato-de-amor-ao-proximo\/","title":{"rendered":"O Ato de Doar \u00d3rg\u00e3os \u00e9 um Ato de Amor ao Pr\u00f3ximo"},"content":{"rendered":"<p>\u201cDeus \u00e9 o nosso ref\u00fagio e fortaleza, socorro bem presente na ang\u00fastia.\u201d(Salmo 45)<\/p>\n\n\n\n<p>Dificuldades e prova\u00e7\u00f5es est\u00e3o presentes na vida de cada um de n\u00f3s. S\u00e3o superadas com menos sofrimento quando entregamos nossas vidas nas m\u00e3os de Deus e enfrentamos os obst\u00e1culos confiantes de que Ele est\u00e1 ao nosso lado.<\/p>\n\n\n\n<p>H\u00e1 seis meses estou na lista de espera por um transplante de cora\u00e7\u00e3o. Desde crian\u00e7a sofro com problemas card\u00edacos. Apesar de todas as limita\u00e7\u00f5es impostas pela doen\u00e7a, tive uma inf\u00e2ncia e adolesc\u00eancia felizes e um promissor in\u00edcio da minha vida adulta.<\/p>\n\n\n\n<p>Recebi como presente uma fam\u00edlia aben\u00e7oada, amigos e colegas sempre presentes e dispostos a me ajudar constantemente, nas mais diversas situa\u00e7\u00f5es.<\/p>\n\n\n\n<p>Embora com todos os tratamentos e cuidados m\u00e9dicos, sempre seguidos, a doen\u00e7a card\u00edaca evoluiu, e agora, aos 26 anos, dependo do transplante para retornar \u00e0 minha vida de onde ela parou.<\/p>\n\n\n\n<p>Quando escutei a palavra \u201ctransplante\u201d pela primeira vez, meu desespero e ang\u00fastia foram tamanhos, que eu chorava em todas as consultas m\u00e9dicas. In\u00fameras vezes chorei em sil\u00eancio, pedindo a Deus que curasse meu cora\u00e7\u00e3o. A id\u00e9ia de trocar meu cora\u00e7\u00e3o era apavorante. Como iria viver com um \u00f3rg\u00e3o t\u00e3o vital que n\u00e3o era meu? E por quanto tempo eu ficaria na fila de espera e em que estado?<\/p>\n\n\n\n<p>Os medos eram enormes, a falta de informa\u00e7\u00e3o sobre o assunto tamb\u00e9m, e, admito, questionei minha f\u00e9. Entretanto, nos momentos de ang\u00fastia e d\u00favidas, recorri \u00e0 palavra de Deus, e sempre me sentia aliviada e confiante no futuro.<\/p>\n\n\n\n<p>Passei a compreender que Deus \u00e9 Pai, e Ele quer o melhor para mim, para voc\u00ea, para cada um de n\u00f3s, pois somos seus filhos e o amor dele est\u00e1 acima de todas as dores e sofrimentos aos quais somos submetidos. Assim como meus pais querem me poupar de qualquer dor, o amor do Pai Eterno \u00e9 incondicional, e Ele sabe o que \u00e9 melhor para seus filhos.<\/p>\n\n\n\n<p>Entreguei meu cora\u00e7\u00e3o a Deus, e em dado momento Ele decidiu que eu e todos ao meu redor est\u00e1vamos preparados para enfrentar o transplante.<\/p>\n\n\n\n<p>O processo de mudan\u00e7a de cidade (moro em Curitiba) e a bateria de avaliza\u00e7\u00f5es e exames para o ingresso na fila deram-se de modo relativamente f\u00e1cil. A equipe que me atende \u00e9 altamente competente e iluminada. Com a presen\u00e7a de Deus em nossas vidas reunimos todas as pedras que apareceram no caminho e com elas contru\u00edmos nosso castelo de prote\u00e7\u00e3o.<\/p>\n\n\n\n<p>N\u00e3o me sinto mais sozinha, desamparada ou descrente.<\/p>\n\n\n\n<p>A doen\u00e7a continuou avan\u00e7ando, e logo ap\u00f3s o meu 26\u00ba. anivers\u00e1rio fui internada no INCOR, aonde cheguei passando muito mal. A falta de ar e o cansa\u00e7o eram t\u00e3o grandes que nem falar eu conseguia mais!<\/p>\n\n\n\n<p>A insufici\u00eancia card\u00edaca \u00e9 uma doen\u00e7a que maltrata muito o paciente. Tinha fome, mas n\u00e3o conseguia comer porque cansava. Aquilo que eu conseguia ingerir era colocado para fora em seguida. Atividades como banho, pentear o cabelo e escovar os dentes tornaram-se esgotantes maratonas, e n\u00e3o consigo mais execut\u00e1-las sozinha.<\/p>\n\n\n\n<p>Somente quem tem ou j\u00e1 teve insufici\u00eancia card\u00edaca entende o grau desse cansa\u00e7o. \u00c9 algo inexplic\u00e1vel.<\/p>\n\n\n\n<p>O transplante \u00e9 a cura de minha doen\u00e7a e minha \u00fanica op\u00e7\u00e3o. Estou no hospital desde o dia 26 de abril, e apesar de estar na fila em prioridade, por conta da gravidade do caso, \u00e9 triste saber que o n\u00famero de doa\u00e7\u00f5es de \u00f3rg\u00e3os caiu drasticamente.<\/p>\n\n\n\n<p>A doa\u00e7\u00e3o de \u00f3rg\u00e3os ocorre somente quando \u00e9 constatada a morte encef\u00e1lica, atrav\u00e9s de uma rigorosa avalia\u00e7\u00e3o m\u00e9dica. S\u00e3o necess\u00e1rios empenho e dedica\u00e7\u00e3o de in\u00fameros profissionais, e a doa\u00e7\u00e3o somente se concretiza mediante a autoriza\u00e7\u00e3o da fam\u00edlia do doador.<\/p>\n\n\n\n<p>A recusa familiar acontece em 30% dos casos, n\u00famero elevado que, aliado aos demais problemas da \u00e1rea de sa\u00fade em nosso pa\u00eds, faz com que milhares de pessoas aguardem muito tempo por um \u00f3rg\u00e3o e, em muitas ocasi\u00f5es, venham a falecer.<\/p>\n\n\n\n<p>A possibilidade de um homem comum retirar um \u00f3rg\u00e3o de algu\u00e9m falecido e transplant\u00e1-lo em uma pessoa doente, e esse transplante representar a cura e o retorno a uma vida normal, \u00e9 um milagre de Deus.<\/p>\n\n\n\n<p>O ato de doar \u00f3rg\u00e3os \u00e9 um ato de amor ao pr\u00f3ximo.<\/p>\n\n\n\n<p>Sei que n\u00e3o \u00e9 f\u00e1cil dizer \u201ceu sou um doador\u201d, mas sabendo que s\u00f3 a vida Eterna dura para sempre devemos pedir coragem ao Pai, e juntos conseguiremos vencer o que humanamente parece ser imposs\u00edvel. Qualquer um de n\u00f3s pode vir a precisar de um transplante de \u00f3rg\u00e3o, at\u00e9 mesmo voc\u00ea!<\/p>\n\n\n\n<p>Pai, pe\u00e7o-te que sensibilizes o cora\u00e7\u00e3o de cada ser humano, para que n\u00e3o seja apegado ao corpo material. Sobretudo porque pode ajudar na sobreviv\u00eancia do irm\u00e3o que se encontra ao lado.<\/p>","protected":false},"excerpt":{"rendered":"<p>\u201cDeus \u00e9 o nosso ref\u00fagio e fortaleza, socorro bem presente na ang\u00fastia.\u201d(Salmo 45) Dificuldades e [&hellip;]<\/p>\n","protected":false},"author":5,"featured_media":835,"comment_status":"open","ping_status":"closed","template":"","class_list":["post-5178","depoimentos","type-depoimentos","status-publish","has-post-thumbnail","hentry"],"acf":[],"_links":{"self":[{"href":"https:\/\/site.abto.org.br\/en\/wp-json\/wp\/v2\/depoimentos\/5178","targetHints":{"allow":["GET"]}}],"collection":[{"href":"https:\/\/site.abto.org.br\/en\/wp-json\/wp\/v2\/depoimentos"}],"about":[{"href":"https:\/\/site.abto.org.br\/en\/wp-json\/wp\/v2\/types\/depoimentos"}],"author":[{"embeddable":true,"href":"https:\/\/site.abto.org.br\/en\/wp-json\/wp\/v2\/users\/5"}],"replies":[{"embeddable":true,"href":"https:\/\/site.abto.org.br\/en\/wp-json\/wp\/v2\/comments?post=5178"}],"wp:featuredmedia":[{"embeddable":true,"href":"https:\/\/site.abto.org.br\/en\/wp-json\/wp\/v2\/media\/835"}],"wp:attachment":[{"href":"https:\/\/site.abto.org.br\/en\/wp-json\/wp\/v2\/media?parent=5178"}],"curies":[{"name":"wp","href":"https:\/\/api.w.org\/{rel}","templated":true}]}}